{"id":649,"date":"2026-07-11T08:25:23","date_gmt":"2026-07-11T06:25:23","guid":{"rendered":"https:\/\/apartmanyrieger.cz\/cs\/?page_id=649"},"modified":"2026-08-20T09:39:25","modified_gmt":"2026-08-20T07:39:25","slug":"okoli","status":"publish","type":"page","link":"https:\/\/apartmanyrieger.cz\/cs\/okoli\/","title":{"rendered":"OKOL\u00cd"},"content":{"rendered":"\n<div class=\"wp-block-cover is-light\" style=\"min-height:50vh;aspect-ratio:unset;\"><img loading=\"lazy\" decoding=\"async\" width=\"1920\" height=\"1440\" class=\"wp-block-cover__image-background wp-image-95 size-full\" alt=\"\" src=\"https:\/\/apartmanyrieger.cz\/cs\/wp-content\/uploads\/sites\/2\/2026\/07\/PenRie-Harrachovy-kameny.png\" style=\"object-position:50% 69%\" data-object-fit=\"cover\" data-object-position=\"50% 69%\" srcset=\"https:\/\/apartmanyrieger.cz\/cs\/wp-content\/uploads\/sites\/2\/2026\/07\/PenRie-Harrachovy-kameny.png 1920w, https:\/\/apartmanyrieger.cz\/cs\/wp-content\/uploads\/sites\/2\/2026\/07\/PenRie-Harrachovy-kameny-300x225.png 300w, https:\/\/apartmanyrieger.cz\/cs\/wp-content\/uploads\/sites\/2\/2026\/07\/PenRie-Harrachovy-kameny-1024x768.png 1024w, https:\/\/apartmanyrieger.cz\/cs\/wp-content\/uploads\/sites\/2\/2026\/07\/PenRie-Harrachovy-kameny-768x576.png 768w, https:\/\/apartmanyrieger.cz\/cs\/wp-content\/uploads\/sites\/2\/2026\/07\/PenRie-Harrachovy-kameny-1536x1152.png 1536w\" sizes=\"auto, (max-width: 1920px) 100vw, 1920px\" \/><span aria-hidden=\"true\" class=\"wp-block-cover__background has-background-dim-0 has-background-dim\" style=\"background-color:#7b889e\"><\/span><div class=\"wp-block-cover__inner-container has-global-padding is-layout-constrained wp-container-core-cover-is-layout-c176eaef wp-block-cover-is-layout-constrained\">\n<p class=\"has-text-align-center has-white-color has-custom-color-1-background-color has-text-color has-background has-link-color has-oswald-font-family wp-elements-1 wp-block-paragraph\" style=\"border-top-left-radius:50px;border-top-right-radius:50px;border-bottom-left-radius:50px;border-bottom-right-radius:50px;margin-top:0;margin-right:0;margin-bottom:0;margin-left:0;padding-top:0;padding-right:var(--wp--preset--spacing--80);padding-bottom:0;padding-left:var(--wp--preset--spacing--80);font-size:40px;font-style:normal;font-weight:700\">OKOL\u00cd<\/p>\n<\/div><\/div>\n\n\n\n<div class=\"wp-block-group is-layout-flow wp-container-core-group-is-layout-45c72217 wp-block-group-is-layout-flow\" style=\"margin-top:0;margin-bottom:0;padding-top:var(--wp--preset--spacing--60);padding-right:var(--wp--preset--spacing--40);padding-bottom:var(--wp--preset--spacing--60);padding-left:var(--wp--preset--spacing--40)\">\n<div class=\"wp-block-group has-global-padding is-layout-constrained wp-block-group-is-layout-constrained\">\n<p class=\"has-ubuntu-font-family has-x-large-font-size wp-block-paragraph\" style=\"font-style:normal;font-weight:700;text-transform:uppercase\">Mumlavsk\u00e9 vodop\u00e1dy<\/p>\n<\/div>\n\n\n\n<div class=\"wp-block-group has-global-padding is-layout-constrained wp-container-core-group-is-layout-5ae9b2af wp-block-group-is-layout-constrained\">\n<figure class=\"wp-block-image aligncenter size-large is-resized\"><a href=\"https:\/\/apartmanyrieger.cz\/cs\/wp-content\/uploads\/sites\/2\/2026\/07\/mumlavsky-vodopad.jpg\"><img loading=\"lazy\" decoding=\"async\" width=\"1024\" height=\"614\" src=\"https:\/\/apartmanyrieger.cz\/cs\/wp-content\/uploads\/sites\/2\/2026\/07\/mumlavsky-vodopad-1024x614.jpg\" alt=\"\" class=\"wp-image-624\" style=\"object-fit:cover;width:980px;height:200px\" srcset=\"https:\/\/apartmanyrieger.cz\/cs\/wp-content\/uploads\/sites\/2\/2026\/07\/mumlavsky-vodopad-1024x614.jpg 1024w, https:\/\/apartmanyrieger.cz\/cs\/wp-content\/uploads\/sites\/2\/2026\/07\/mumlavsky-vodopad-300x180.jpg 300w, https:\/\/apartmanyrieger.cz\/cs\/wp-content\/uploads\/sites\/2\/2026\/07\/mumlavsky-vodopad-768x461.jpg 768w, https:\/\/apartmanyrieger.cz\/cs\/wp-content\/uploads\/sites\/2\/2026\/07\/mumlavsky-vodopad.jpg 1225w\" sizes=\"auto, (max-width: 1024px) 100vw, 1024px\" \/><\/a><\/figure>\n<\/div>\n\n\n\n<div class=\"wp-block-group has-global-padding is-layout-constrained wp-container-core-group-is-layout-e4f50667 wp-block-group-is-layout-constrained\">\n<p class=\"has-ubuntu-font-family has-large-font-size wp-block-paragraph\">Mumlavsk\u00fd vodop\u00e1d pat\u0159\u00ed mezi nejmohutn\u011bj\u0161\u00ed a nejkr\u00e1sn\u011bj\u0161\u00ed vodop\u00e1dy v \u010cesk\u00e9 republice.<\/p>\n\n\n\n<p class=\"has-ubuntu-font-family has-large-font-size wp-block-paragraph\">Je celoro\u010dn\u011b p\u0159\u00edstupn\u00fd a kr\u00e1sn\u011b ho m\u016f\u017eete vid\u011bt t\u0159eba z d\u0159ev\u011bn\u00e9 l\u00e1vky, kde se \u017elut\u00e1 turistick\u00e1 trasa k\u0159\u00ed\u017e\u00ed s modrou.<\/p>\n<\/div>\n<\/div>\n\n\n\n<div class=\"wp-block-group has-custom-color-8-background-color has-background is-layout-flow wp-container-core-group-is-layout-48ae05fb wp-block-group-is-layout-flow\" style=\"margin-top:0;margin-bottom:0;padding-top:var(--wp--preset--spacing--60);padding-right:var(--wp--preset--spacing--40);padding-bottom:var(--wp--preset--spacing--60);padding-left:var(--wp--preset--spacing--40)\">\n<div class=\"wp-block-group has-global-padding is-layout-constrained wp-block-group-is-layout-constrained\">\n<p class=\"has-ubuntu-font-family has-x-large-font-size wp-block-paragraph\" style=\"font-style:normal;font-weight:700;text-transform:uppercase\">Skokansk\u00e9 m\u016fstky<\/p>\n<\/div>\n\n\n\n<div class=\"wp-block-group has-global-padding is-layout-constrained wp-container-core-group-is-layout-5ae9b2af wp-block-group-is-layout-constrained\">\n<figure class=\"wp-block-image aligncenter size-full is-resized\"><a href=\"https:\/\/apartmanyrieger.cz\/cs\/wp-content\/uploads\/sites\/2\/2026\/07\/01-05-15-harrakov-cz_1024x1024.jpg\"><img loading=\"lazy\" decoding=\"async\" width=\"1024\" height=\"658\" src=\"https:\/\/apartmanyrieger.cz\/cs\/wp-content\/uploads\/sites\/2\/2026\/07\/01-05-15-harrakov-cz_1024x1024.jpg\" alt=\"\" class=\"wp-image-657\" style=\"object-fit:cover;width:980px;height:200px\" srcset=\"https:\/\/apartmanyrieger.cz\/cs\/wp-content\/uploads\/sites\/2\/2026\/07\/01-05-15-harrakov-cz_1024x1024.jpg 1024w, https:\/\/apartmanyrieger.cz\/cs\/wp-content\/uploads\/sites\/2\/2026\/07\/01-05-15-harrakov-cz_1024x1024-300x193.jpg 300w, https:\/\/apartmanyrieger.cz\/cs\/wp-content\/uploads\/sites\/2\/2026\/07\/01-05-15-harrakov-cz_1024x1024-768x494.jpg 768w\" sizes=\"auto, (max-width: 1024px) 100vw, 1024px\" \/><\/a><\/figure>\n<\/div>\n\n\n\n<div class=\"wp-block-group has-global-padding is-layout-constrained wp-container-core-group-is-layout-e4f50667 wp-block-group-is-layout-constrained\">\n<p class=\"wp-block-paragraph\">V Harrachov\u011b se nach\u00e1z\u00ed celkem 9 skokansk\u00fdch m\u016fstk\u016f, \u010d\u00edm\u017e se nem\u016f\u017ee pochlubit \u017e\u00e1dn\u00e9 jin\u00e9 ly\u017ea\u0159sk\u00e9 st\u0159edisko.<\/p>\n\n\n\n<p class=\"wp-block-paragraph\">Nejmen\u0161\u00ed m\u016fstky, K8, K10, K18 a K26 jsou v are\u00e1lu Kaml a slou\u017e\u00ed pro p\u0159\u00edpravu a z\u00e1vody za\u010d\u00ednaj\u00edc\u00edch skokan\u016f. Na \u010cer\u0165\u00e1ku pak stoj\u00ed zbyl\u00fdch p\u011bt m\u016fstk\u016f. Za hotelem Skicentrum ml\u00e1de\u017enick\u00e9 m\u016fstky K40, K70 a K90 a nad nimi vpravo m\u016fstek K125 a mamut\u00ed m\u016fstek pro lety na ly\u017e\u00edch. Na obou m\u016fstc\u00edch se v minulosti konalo t\u00e9m\u011b\u0159 40 z\u00e1vod\u016f Sv\u011btov\u00e9ho poh\u00e1ru, na mamut\u00edm m\u016fstku, kter\u00fd je jedn\u00edm z p\u011bti na sv\u011bt\u011b, \u010dty\u0159ikr\u00e1t Mistrovstv\u00ed sv\u011bta v letech na ly\u017e\u00edch.<\/p>\n<\/div>\n<\/div>\n\n\n\n<div class=\"wp-block-group is-layout-flow wp-container-core-group-is-layout-45c72217 wp-block-group-is-layout-flow\" style=\"margin-top:0;margin-bottom:0;padding-top:var(--wp--preset--spacing--60);padding-right:var(--wp--preset--spacing--40);padding-bottom:var(--wp--preset--spacing--60);padding-left:var(--wp--preset--spacing--40)\">\n<div class=\"wp-block-group has-global-padding is-layout-constrained wp-block-group-is-layout-constrained\">\n<h2 class=\"wp-block-heading\">Skl\u00e1rna a pivovar<\/h2>\n<\/div>\n\n\n\n<div class=\"wp-block-group has-global-padding is-layout-constrained wp-container-core-group-is-layout-5ae9b2af wp-block-group-is-layout-constrained\">\n<figure class=\"wp-block-image aligncenter size-large is-resized\"><a href=\"https:\/\/apartmanyrieger.cz\/cs\/wp-content\/uploads\/sites\/2\/2026\/07\/Sklarna-Harrachov-scaled.jpg\"><img loading=\"lazy\" decoding=\"async\" width=\"1024\" height=\"683\" src=\"https:\/\/apartmanyrieger.cz\/cs\/wp-content\/uploads\/sites\/2\/2026\/07\/Sklarna-Harrachov-1024x683.jpg\" alt=\"\" class=\"wp-image-775\" style=\"object-fit:cover;width:980px;height:200px\" srcset=\"https:\/\/apartmanyrieger.cz\/cs\/wp-content\/uploads\/sites\/2\/2026\/07\/Sklarna-Harrachov-1024x683.jpg 1024w, https:\/\/apartmanyrieger.cz\/cs\/wp-content\/uploads\/sites\/2\/2026\/07\/Sklarna-Harrachov-300x200.jpg 300w, https:\/\/apartmanyrieger.cz\/cs\/wp-content\/uploads\/sites\/2\/2026\/07\/Sklarna-Harrachov-768x512.jpg 768w, https:\/\/apartmanyrieger.cz\/cs\/wp-content\/uploads\/sites\/2\/2026\/07\/Sklarna-Harrachov-1536x1025.jpg 1536w, https:\/\/apartmanyrieger.cz\/cs\/wp-content\/uploads\/sites\/2\/2026\/07\/Sklarna-Harrachov-2048x1366.jpg 2048w\" sizes=\"auto, (max-width: 1024px) 100vw, 1024px\" \/><\/a><\/figure>\n<\/div>\n\n\n\n<div class=\"wp-block-group has-global-padding is-layout-constrained wp-container-core-group-is-layout-e4f50667 wp-block-group-is-layout-constrained\">\n<p class=\"wp-block-paragraph\">Tradi\u010dn\u00ed \u0159emeslo i poctiv\u00e9 osv\u011b\u017een\u00ed na jednom m\u00edst\u011b.<\/p>\n\n\n\n<p class=\"wp-block-paragraph\">Ji\u017e od 14. stolet\u00ed byla v okol\u00ed dne\u0161n\u00edho Harrachova popul\u00e1rn\u00ed skl\u00e1\u0159sk\u00e1 v\u00fdroba. Skl\u00e1rnu, jak ji zn\u00e1me dnes, zalo\u017eil Anton\u00edn Harrach Rohrau v roce 1712. Barokn\u00ed harrachovsk\u00e9 sklo z Harrachova rychle z\u00edskalo na kvalit\u011b, kter\u00e1 se brzy rovnala v\u00fdrobk\u016fm z jin\u00fdch oblast\u00ed Krkono\u0161. Harrachovsk\u00e1 skl\u00e1rna se ji\u017e v 19. stolet\u00ed specializovala na barevn\u00e9 brou\u0161en\u00e9 a \u0159ezan\u00e9 sklo, podobn\u011b jako nap\u0159\u00edklad zn\u00e1m\u00e9 skl\u00e1rny v Kamenick\u00e9m \u0160enov\u011b nebo Nov\u00e9m Boru. Od sam\u00e9ho po\u010d\u00e1tku pat\u0159ila skl\u00e1rna rodu Harrach\u016f, po druh\u00e9 sv\u011btov\u00e9 v\u00e1lce ji p\u0159evzal st\u00e1t. Od roku 1993 je v rukou soukrom\u00e9ho majitele.<\/p>\n\n\n\n<p class=\"wp-block-paragraph\">Skl\u00e1rna nab\u00edz\u00ed exkurze ve v\u00fdrob\u011b a pat\u0159\u00ed k n\u00ed tak\u00e9 Muzeum skla.<\/p>\n\n\n\n<p class=\"wp-block-paragraph\">Pivovar nab\u00edz\u00ed krom\u011b piva i pivn\u00ed l\u00e1zn\u011b a je sou\u010d\u00e1st\u00ed Krkono\u0161sk\u00e9 pivn\u00ed stezky!<\/p>\n<\/div>\n<\/div>\n\n\n\n<div class=\"wp-block-group has-custom-color-8-background-color has-background is-layout-flow wp-container-core-group-is-layout-45c72217 wp-block-group-is-layout-flow\" style=\"margin-top:0;margin-bottom:0;padding-top:var(--wp--preset--spacing--60);padding-right:var(--wp--preset--spacing--40);padding-bottom:var(--wp--preset--spacing--60);padding-left:var(--wp--preset--spacing--40)\">\n<div class=\"wp-block-group has-global-padding is-layout-constrained wp-block-group-is-layout-constrained\">\n<h2 class=\"wp-block-heading\">Expozice \u0160indelka, muzeum lesnictv\u00ed a myslivosti<\/h2>\n<\/div>\n\n\n\n<div class=\"wp-block-group has-global-padding is-layout-constrained wp-container-core-group-is-layout-5ae9b2af wp-block-group-is-layout-constrained\">\n<figure class=\"wp-block-image aligncenter size-full is-resized\"><a href=\"https:\/\/apartmanyrieger.cz\/cs\/wp-content\/uploads\/sites\/2\/2026\/07\/Muzeum-Sindelka.jpg\"><img loading=\"lazy\" decoding=\"async\" width=\"800\" height=\"529\" src=\"https:\/\/apartmanyrieger.cz\/cs\/wp-content\/uploads\/sites\/2\/2026\/07\/Muzeum-Sindelka.jpg\" alt=\"\" class=\"wp-image-794\" style=\"object-fit:cover;width:980px;height:200px\" srcset=\"https:\/\/apartmanyrieger.cz\/cs\/wp-content\/uploads\/sites\/2\/2026\/07\/Muzeum-Sindelka.jpg 800w, https:\/\/apartmanyrieger.cz\/cs\/wp-content\/uploads\/sites\/2\/2026\/07\/Muzeum-Sindelka-300x198.jpg 300w, https:\/\/apartmanyrieger.cz\/cs\/wp-content\/uploads\/sites\/2\/2026\/07\/Muzeum-Sindelka-768x508.jpg 768w\" sizes=\"auto, (max-width: 800px) 100vw, 800px\" \/><\/a><\/figure>\n<\/div>\n\n\n\n<div class=\"wp-block-group has-global-padding is-layout-constrained wp-container-core-group-is-layout-e4f50667 wp-block-group-is-layout-constrained\">\n<p class=\"wp-block-paragraph\">V budov\u011b, kter\u00e1 je v Harrachov\u011b zn\u00e1m\u00e1 jako&nbsp;\u0160indelka, se od po\u010d\u00e1tku 19. stolet\u00ed vyr\u00e1b\u011bla st\u0159e\u0161n\u00ed krytina \u2013&nbsp;\u0161indel. Dnes u\u017e se tady ale nic nevyr\u00e1b\u00ed, posledn\u00edch 60 tis\u00edc \u0161indel\u016f bylo v roce 1934 pou\u017eito na st\u0159echu star\u00e9 Labsk\u00e9 boudy.<\/p>\n\n\n\n<p class=\"wp-block-paragraph\">Hlubok\u00e9&nbsp;lesy&nbsp;pokr\u00fdvaj\u00ed velkou \u010d\u00e1st Krkono\u0161sk\u00e9ho n\u00e1rodn\u00edho parku a p\u00e9\u010de o n\u011b stoj\u00ed na\u0161e lesn\u00edky nemal\u00e9 \u00fasil\u00ed. V expozici v\u00e1m r\u00e1di p\u0159edvedeme, jak se les p\u011bstuje, ale tak\u00e9 jak a pro\u010d se v n\u011bm t\u011b\u017e\u00ed d\u0159evo. <\/p>\n\n\n\n<p class=\"wp-block-paragraph\">Ned\u00edlnou sou\u010d\u00e1st\u00ed krkono\u0161sk\u00fdch les\u016f je i&nbsp;zv\u011b\u0159. Na vlastn\u00ed o\u010di uvid\u00edte i&nbsp;p\u0159ezimovac\u00ed ob\u016frku&nbsp;a pestrou zv\u00ed\u0159enu \u017eij\u00edc\u00ed v les\u00edch. V cel\u00e9 expozici m\u016f\u017eete napo\u010d\u00edtat 32 zv\u00ed\u0159at, mezi kter\u00fdmi nechyb\u00ed jelen, srnec, nebo divo\u010d\u00e1k. Obl\u00edbenou atrakc\u00ed je funk\u010dn\u00ed model klauzy \u2013 za\u0159\u00edzen\u00ed,&nbsp; kter\u00e1 byla v Krkono\u0161\u00edch od 16. stolet\u00ed budov\u00e1na za \u00fa\u010delem splouv\u00e1n\u00ed vyt\u011b\u017een\u00e9ho d\u0159eva po vod\u011b do ni\u017e\u0161\u00edch poloh.<\/p>\n<\/div>\n<\/div>\n\n\n\n<div class=\"wp-block-group is-layout-flow wp-container-core-group-is-layout-45c72217 wp-block-group-is-layout-flow\" style=\"margin-top:0;margin-bottom:0;padding-top:var(--wp--preset--spacing--60);padding-right:var(--wp--preset--spacing--40);padding-bottom:var(--wp--preset--spacing--60);padding-left:var(--wp--preset--spacing--40)\">\n<div class=\"wp-block-group has-global-padding is-layout-constrained wp-block-group-is-layout-constrained\">\n<h2 class=\"wp-block-heading\">Ly\u017ea\u0159sk\u00e9 muzeum<\/h2>\n<\/div>\n\n\n\n<div class=\"wp-block-group has-global-padding is-layout-constrained wp-container-core-group-is-layout-5ae9b2af wp-block-group-is-layout-constrained\">\n<figure class=\"wp-block-image aligncenter size-large is-resized\"><a href=\"https:\/\/apartmanyrieger.cz\/cs\/wp-content\/uploads\/sites\/2\/2026\/07\/Muzeum-Lyzarske.jpg\"><img loading=\"lazy\" decoding=\"async\" width=\"1024\" height=\"682\" src=\"https:\/\/apartmanyrieger.cz\/cs\/wp-content\/uploads\/sites\/2\/2026\/07\/Muzeum-Lyzarske-1024x682.jpg\" alt=\"\" class=\"wp-image-797\" style=\"object-fit:cover;width:980px;height:200px\" srcset=\"https:\/\/apartmanyrieger.cz\/cs\/wp-content\/uploads\/sites\/2\/2026\/07\/Muzeum-Lyzarske-1024x682.jpg 1024w, https:\/\/apartmanyrieger.cz\/cs\/wp-content\/uploads\/sites\/2\/2026\/07\/Muzeum-Lyzarske-300x200.jpg 300w, https:\/\/apartmanyrieger.cz\/cs\/wp-content\/uploads\/sites\/2\/2026\/07\/Muzeum-Lyzarske-768x512.jpg 768w, https:\/\/apartmanyrieger.cz\/cs\/wp-content\/uploads\/sites\/2\/2026\/07\/Muzeum-Lyzarske.jpg 1400w\" sizes=\"auto, (max-width: 1024px) 100vw, 1024px\" \/><\/a><\/figure>\n<\/div>\n\n\n\n<div class=\"wp-block-group has-global-padding is-layout-constrained wp-block-group-is-layout-constrained\">\n<p class=\"wp-block-paragraph\">Soukrom\u00e1 expozice mapuje v\u00fdvoj harrachovsk\u00e9ho ly\u017eov\u00e1n\u00ed i m\u00edstn\u00edho ly\u017ea\u0159sk\u00e9ho klubu. M\u016f\u017eete si prohl\u00e9dnout ski star\u00e9 v\u00edce ne\u017e 100 let, ale i skokanskou v\u00fdzbroj od 50. let. V\u011bt\u0161ina expon\u00e1t\u016f je ze soukrom\u00fdch sb\u00edrek.<\/p>\n<\/div>\n<\/div>\n\n\n\n<div class=\"wp-block-group has-custom-color-8-background-color has-background is-layout-flow wp-container-core-group-is-layout-45c72217 wp-block-group-is-layout-flow\" style=\"margin-top:0;margin-bottom:0;padding-top:var(--wp--preset--spacing--60);padding-right:var(--wp--preset--spacing--40);padding-bottom:var(--wp--preset--spacing--60);padding-left:var(--wp--preset--spacing--40)\">\n<div class=\"wp-block-group has-global-padding is-layout-constrained wp-block-group-is-layout-constrained\">\n<h2 class=\"wp-block-heading has-x-large-font-size\">Muzeum skla<\/h2>\n<\/div>\n\n\n\n<div class=\"wp-block-group has-global-padding is-layout-constrained wp-container-core-group-is-layout-5ae9b2af wp-block-group-is-layout-constrained\">\n<figure class=\"wp-block-image aligncenter size-large is-resized\"><a href=\"https:\/\/apartmanyrieger.cz\/cs\/wp-content\/uploads\/sites\/2\/2026\/07\/Muzeum-Sklo.jpg\"><img loading=\"lazy\" decoding=\"async\" width=\"1024\" height=\"731\" src=\"https:\/\/apartmanyrieger.cz\/cs\/wp-content\/uploads\/sites\/2\/2026\/07\/Muzeum-Sklo-1024x731.jpg\" alt=\"\" class=\"wp-image-800\" style=\"object-fit:cover;width:980px;height:200px\" srcset=\"https:\/\/apartmanyrieger.cz\/cs\/wp-content\/uploads\/sites\/2\/2026\/07\/Muzeum-Sklo-1024x731.jpg 1024w, https:\/\/apartmanyrieger.cz\/cs\/wp-content\/uploads\/sites\/2\/2026\/07\/Muzeum-Sklo-300x214.jpg 300w, https:\/\/apartmanyrieger.cz\/cs\/wp-content\/uploads\/sites\/2\/2026\/07\/Muzeum-Sklo-768x549.jpg 768w, https:\/\/apartmanyrieger.cz\/cs\/wp-content\/uploads\/sites\/2\/2026\/07\/Muzeum-Sklo.jpg 1400w\" sizes=\"auto, (max-width: 1024px) 100vw, 1024px\" \/><\/a><\/figure>\n<\/div>\n\n\n\n<div class=\"wp-block-group has-global-padding is-layout-constrained wp-container-core-group-is-layout-e4f50667 wp-block-group-is-layout-constrained\">\n<p class=\"wp-block-paragraph\">Samoz\u0159ejmost\u00ed je v Harrachov\u011b, m\u011bst\u011b skl\u00e1\u0159\u016f, Muzeum Skla. Ke&nbsp;skl\u00e1\u0159sk\u00e9mu muzeu na Nov\u00e9m Sv\u011bt\u011b pat\u0159\u00ed hu\u0165 s&nbsp;prohl\u00eddkovou trasou a minipivovar s&nbsp;pivy Franti\u0161ek, \u010cer\u0165\u00e1k a Hu\u0165sk\u00e9, ocen\u011bn\u00fdmi v\u00edcekr\u00e1t na degusta\u010dn\u00edch sout\u011b\u017e\u00edch.<\/p>\n\n\n\n<p class=\"wp-block-paragraph\">Harrachovsk\u00e9 muzeum skla, kter\u00e9 je sou\u010d\u00e1st\u00ed are\u00e1lu skl\u00e1rny, obsahuje technologicky i historicky ucelenou sb\u00edrku, mapuj\u00edc\u00ed v\u00edce jak t\u0159\u00edsetletou historii skl\u00e1\u0159sk\u00e9 v\u00fdroby na Nov\u00e9m Sv\u011bt\u011b.&nbsp;Sb\u00edrka&nbsp;samotn\u00e1&nbsp;\u010d\u00edt\u00e1 v\u00edce jak 5000 expon\u00e1t\u016f&nbsp;a svou velikost\u00ed tak p\u0159edstavuje nejv\u011bt\u0161\u00ed sb\u00edrku \u010desk\u00e9ho skla poch\u00e1zej\u00edc\u00edho z jedn\u00e9 skl\u00e1rny v \u010cesk\u00e9 republice.&nbsp;<\/p>\n<\/div>\n<\/div>\n\n\n\n<div class=\"wp-block-group is-layout-flow wp-container-core-group-is-layout-45c72217 wp-block-group-is-layout-flow\" style=\"margin-top:0;margin-bottom:0;padding-top:var(--wp--preset--spacing--60);padding-right:var(--wp--preset--spacing--40);padding-bottom:var(--wp--preset--spacing--60);padding-left:var(--wp--preset--spacing--40)\">\n<div class=\"wp-block-group has-global-padding is-layout-constrained wp-block-group-is-layout-constrained\">\n<h2 class=\"wp-block-heading\">Muzeum Hornictv\u00ed<\/h2>\n<\/div>\n\n\n\n<div class=\"wp-block-group has-global-padding is-layout-constrained wp-container-core-group-is-layout-5ae9b2af wp-block-group-is-layout-constrained\">\n<figure class=\"wp-block-image aligncenter size-full is-resized\"><a href=\"https:\/\/apartmanyrieger.cz\/cs\/wp-content\/uploads\/sites\/2\/2026\/07\/Muzeum-Hornictvi.jpg\"><img loading=\"lazy\" decoding=\"async\" width=\"1000\" height=\"750\" src=\"https:\/\/apartmanyrieger.cz\/cs\/wp-content\/uploads\/sites\/2\/2026\/07\/Muzeum-Hornictvi.jpg\" alt=\"\" class=\"wp-image-803\" style=\"object-fit:cover;width:980px;height:200px\" srcset=\"https:\/\/apartmanyrieger.cz\/cs\/wp-content\/uploads\/sites\/2\/2026\/07\/Muzeum-Hornictvi.jpg 1000w, https:\/\/apartmanyrieger.cz\/cs\/wp-content\/uploads\/sites\/2\/2026\/07\/Muzeum-Hornictvi-300x225.jpg 300w, https:\/\/apartmanyrieger.cz\/cs\/wp-content\/uploads\/sites\/2\/2026\/07\/Muzeum-Hornictvi-768x576.jpg 768w\" sizes=\"auto, (max-width: 1000px) 100vw, 1000px\" \/><\/a><\/figure>\n<\/div>\n\n\n\n<div class=\"wp-block-group has-global-padding is-layout-constrained wp-container-core-group-is-layout-e4f50667 wp-block-group-is-layout-constrained\">\n<p class=\"wp-block-paragraph\">Hornick\u00e9 muzeum a prohl\u00eddkov\u00e1 \u0161tola byly otev\u0159eny v&nbsp;b\u0159eznu roku 2003&nbsp;v&nbsp;\u00farovni b\u00fdval\u00e9ho \u0161tolov\u00e9ho patra. V&nbsp;muzeu jsou uk\u00e1zky miner\u00e1l\u016f fluoritov\u00fdch lo\u017eisek, n\u00e1stroje a pom\u016fcky pou\u017e\u00edvan\u00e9 p\u0159i t\u011b\u017eb\u011b, mapy a fotografie dokumentuj\u00edc\u00ed pr\u00e1ci na zdej\u0161\u00edm lo\u017eisku.<\/p>\n\n\n\n<p class=\"wp-block-paragraph\">Prohl\u00eddkov\u00e1 \u0161tola je dlouh\u00e1 zhruba 1000&nbsp;m, trasa veden\u00e1 typick\u00fdm prost\u0159ed\u00edm rudn\u00e9ho dolu je vysyp\u00e1na \u0161t\u011brkovou drt\u00ed a osv\u011btlena, pr\u016fm\u011brn\u00e1 ro\u010dn\u00ed teplota je zde 7\u00b0C (n\u00e1v\u0161t\u011bvn\u00edk\u016fm doporu\u010dujeme teplej\u0161\u00ed oble\u010den\u00ed). N\u00e1v\u0161t\u011bvn\u00edci jsou p\u0159i vstupu do \u0161toly vybaveni ochrannou p\u0159ilbou a krom\u011b kompletn\u00edho t\u011b\u017eebn\u00edho stroje zde uvid\u00ed d\u016fln\u00ed vozy, akumul\u00e1torovou lokomotivu, d\u016fln\u00ed naklada\u010d&nbsp;aj.<\/p>\n<\/div>\n<\/div>\n\n\n\n<div class=\"wp-block-group has-custom-color-8-background-color has-background is-layout-flow wp-container-core-group-is-layout-45c72217 wp-block-group-is-layout-flow\" style=\"margin-top:0;margin-bottom:0;padding-top:var(--wp--preset--spacing--60);padding-right:var(--wp--preset--spacing--40);padding-bottom:var(--wp--preset--spacing--60);padding-left:var(--wp--preset--spacing--40)\">\n<div class=\"wp-block-group has-global-padding is-layout-constrained wp-block-group-is-layout-constrained\">\n<h2 class=\"wp-block-heading\">Bobov\u00e1 dr\u00e1ha harrachov<\/h2>\n<\/div>\n\n\n\n<div class=\"wp-block-group has-global-padding is-layout-constrained wp-container-core-group-is-layout-5ae9b2af wp-block-group-is-layout-constrained\">\n<figure class=\"wp-block-image aligncenter size-large is-resized\"><a href=\"https:\/\/apartmanyrieger.cz\/cs\/wp-content\/uploads\/sites\/2\/2026\/07\/leto_bobova_draha_budova_napis_Harrachov_partner.jpg\"><img loading=\"lazy\" decoding=\"async\" width=\"1024\" height=\"768\" src=\"https:\/\/apartmanyrieger.cz\/cs\/wp-content\/uploads\/sites\/2\/2026\/07\/leto_bobova_draha_budova_napis_Harrachov_partner-1024x768.jpg\" alt=\"\" class=\"wp-image-519\" style=\"object-fit:cover;width:980px;height:200px\" srcset=\"https:\/\/apartmanyrieger.cz\/cs\/wp-content\/uploads\/sites\/2\/2026\/07\/leto_bobova_draha_budova_napis_Harrachov_partner-1024x768.jpg 1024w, https:\/\/apartmanyrieger.cz\/cs\/wp-content\/uploads\/sites\/2\/2026\/07\/leto_bobova_draha_budova_napis_Harrachov_partner-300x225.jpg 300w, https:\/\/apartmanyrieger.cz\/cs\/wp-content\/uploads\/sites\/2\/2026\/07\/leto_bobova_draha_budova_napis_Harrachov_partner-768x576.jpg 768w, https:\/\/apartmanyrieger.cz\/cs\/wp-content\/uploads\/sites\/2\/2026\/07\/leto_bobova_draha_budova_napis_Harrachov_partner-1536x1152.jpg 1536w, https:\/\/apartmanyrieger.cz\/cs\/wp-content\/uploads\/sites\/2\/2026\/07\/leto_bobova_draha_budova_napis_Harrachov_partner.jpg 1920w\" sizes=\"auto, (max-width: 1024px) 100vw, 1024px\" \/><\/a><\/figure>\n<\/div>\n\n\n\n<div class=\"wp-block-group has-global-padding is-layout-constrained wp-container-core-group-is-layout-e4f50667 wp-block-group-is-layout-constrained\">\n<p class=\"wp-block-paragraph\">Z\u00e1bava, kter\u00e1 jede za ka\u017ed\u00e9ho po\u010das\u00ed. <\/p>\n\n\n\n<p class=\"wp-block-paragraph\">Na kraji Anensk\u00e9ho \u00fadol\u00ed v Harrachov\u011b se vine pozemn\u00ed bobov\u00e1 dr\u00e1ha, kter\u00e1 l\u00e1k\u00e1 mal\u00e9 i velk\u00e9. Koryto z nerezov\u00e9 oceli m\u011b\u0159\u00ed jeden kilometr, klikat\u00ed se v sedmn\u00e1cti zat\u00e1\u010dk\u00e1ch a dvakr\u00e1t se k\u0159\u00ed\u017e\u00ed nad zem\u00ed. J\u00edzda tak nen\u00ed jen rychl\u00e1, ale i z\u00e1bavn\u00e1 a prom\u011bnliv\u00e1.<\/p>\n<\/div>\n<\/div>\n\n\n\n<div class=\"wp-block-group is-layout-flow wp-container-core-group-is-layout-45c72217 wp-block-group-is-layout-flow\" style=\"margin-top:0;margin-bottom:0;padding-top:var(--wp--preset--spacing--60);padding-right:var(--wp--preset--spacing--40);padding-bottom:var(--wp--preset--spacing--60);padding-left:var(--wp--preset--spacing--40)\">\n<div class=\"wp-block-group has-global-padding is-layout-constrained wp-block-group-is-layout-constrained\">\n<h2 class=\"wp-block-heading\">pumptrack<\/h2>\n<\/div>\n\n\n\n<div class=\"wp-block-group has-global-padding is-layout-constrained wp-container-core-group-is-layout-5ae9b2af wp-block-group-is-layout-constrained\">\n<figure class=\"wp-block-image aligncenter size-full is-resized\"><a href=\"https:\/\/apartmanyrieger.cz\/cs\/wp-content\/uploads\/sites\/2\/2026\/07\/PumpTrack.jpg\"><img loading=\"lazy\" decoding=\"async\" width=\"900\" height=\"600\" src=\"https:\/\/apartmanyrieger.cz\/cs\/wp-content\/uploads\/sites\/2\/2026\/07\/PumpTrack.jpg\" alt=\"\" class=\"wp-image-894\" style=\"object-fit:cover;width:980px;height:200px\" srcset=\"https:\/\/apartmanyrieger.cz\/cs\/wp-content\/uploads\/sites\/2\/2026\/07\/PumpTrack.jpg 900w, https:\/\/apartmanyrieger.cz\/cs\/wp-content\/uploads\/sites\/2\/2026\/07\/PumpTrack-300x200.jpg 300w, https:\/\/apartmanyrieger.cz\/cs\/wp-content\/uploads\/sites\/2\/2026\/07\/PumpTrack-768x512.jpg 768w\" sizes=\"auto, (max-width: 900px) 100vw, 900px\" \/><\/a><\/figure>\n<\/div>\n\n\n\n<div class=\"wp-block-group has-global-padding is-layout-constrained wp-container-core-group-is-layout-e4f50667 wp-block-group-is-layout-constrained\">\n<p class=\"wp-block-paragraph\">\u010cek\u00e1 v\u00e1s j\u00edzda na kole a pumpov\u00e1n\u00ed t\u011blem nahoru dol\u016f. Poj\u010fte vyzkou\u0161et rovnov\u00e1nu a u\u017e\u00edt si spoustu z\u00e1bavy, s partou, d\u011btmi, nebo celou rodinou. Tra\u0165 si u\u017eijete na jak\u00e9mkoli typu kol, a\u0165 u\u017e jako c\u00edlenou z\u00e1bavu, nebo jako zast\u00e1vku p\u0159i celodenn\u00edm v\u00fdletov\u00e1n\u00ed po z\u00e1padn\u00edch Krkono\u0161\u00edch.Popis<\/p>\n<\/div>\n<\/div>\n\n\n\n<div class=\"wp-block-group has-custom-color-8-background-color has-background has-global-padding is-layout-constrained wp-container-core-group-is-layout-6f299fb3 wp-block-group-is-layout-constrained\" style=\"margin-top:0;margin-bottom:0;padding-top:var(--wp--preset--spacing--60);padding-right:var(--wp--preset--spacing--40);padding-bottom:var(--wp--preset--spacing--60);padding-left:var(--wp--preset--spacing--40)\">\n<h2 class=\"wp-block-heading\">dal\u0161\u00ed zaj\u00edmav\u00e1 m\u00edsta a atrakce&#8230;<\/h2>\n\n\n\n<div class=\"wp-block-buttons is-horizontal is-content-justification-space-between is-layout-flex wp-container-core-buttons-is-layout-798eaa3f wp-block-buttons-is-layout-flex\">\n<div class=\"wp-block-button\"><a class=\"wp-block-button__link wp-element-button\" style=\"border-top-left-radius:0px;border-top-right-radius:0px;border-bottom-left-radius:0px;border-bottom-right-radius:0px\">D\u011aTSK\u00c1 H\u0158I\u0160T\u011a<\/a><\/div>\n\n\n\n<div class=\"wp-block-button\"><a class=\"wp-block-button__link wp-element-button\" style=\"border-top-left-radius:0px;border-top-right-radius:0px;border-bottom-left-radius:0px;border-bottom-right-radius:0px\">GOLF<\/a><\/div>\n\n\n\n<div class=\"wp-block-button\"><a class=\"wp-block-button__link wp-element-button\" style=\"border-top-left-radius:0px;border-top-right-radius:0px;border-bottom-left-radius:0px;border-bottom-right-radius:0px\">MINIGOLF<\/a><\/div>\n\n\n\n<div class=\"wp-block-button\"><a class=\"wp-block-button__link wp-element-button\" style=\"border-top-left-radius:0px;border-top-right-radius:0px;border-bottom-left-radius:0px;border-bottom-right-radius:0px\">KOUPALI\u0160T\u011a<\/a><\/div>\n\n\n\n<div class=\"wp-block-button\"><a class=\"wp-block-button__link wp-element-button\" style=\"border-top-left-radius:0px;border-top-right-radius:0px;border-bottom-left-radius:0px;border-bottom-right-radius:0px\">TENISOV\u00c9 KURTY<\/a><\/div>\n\n\n\n<div class=\"wp-block-button\"><a class=\"wp-block-button__link wp-element-button\" style=\"border-top-left-radius:0px;border-top-right-radius:0px;border-bottom-left-radius:0px;border-bottom-right-radius:0px\">T\u0158\u00cdKOLKY<\/a><\/div>\n\n\n\n<div class=\"wp-block-button is-style-fill\"><a class=\"wp-block-button__link wp-element-button\" style=\"border-top-left-radius:0px;border-top-right-radius:0px;border-bottom-left-radius:0px;border-bottom-right-radius:0px\">BUNGEE<\/a><\/div>\n\n\n\n<div class=\"wp-block-button is-style-fill\"><a class=\"wp-block-button__link wp-element-button\" style=\"border-top-left-radius:0px;border-top-right-radius:0px;border-bottom-left-radius:0px;border-bottom-right-radius:0px\">MENHIRY<\/a><\/div>\n\n\n\n<div class=\"wp-block-button is-style-fill\"><a class=\"wp-block-button__link wp-element-button\" style=\"border-top-left-radius:0px;border-top-right-radius:0px;border-bottom-left-radius:0px;border-bottom-right-radius:0px\">KAPLE SV. AL\u017dB\u011aTY<\/a><\/div>\n\n\n\n<div class=\"wp-block-button is-style-fill\"><a class=\"wp-block-button__link wp-element-button\" style=\"border-top-left-radius:0px;border-top-right-radius:0px;border-bottom-left-radius:0px;border-bottom-right-radius:0px\">HU\u0164SK\u00dd RYBN\u00cdK<\/a><\/div>\n\n\n\n<div class=\"wp-block-button is-style-fill\"><a class=\"wp-block-button__link wp-element-button\" style=\"border-top-left-radius:0px;border-top-right-radius:0px;border-bottom-left-radius:0px;border-bottom-right-radius:0px\">MONKEY PARK<\/a><\/div>\n\n\n\n<div class=\"wp-block-button is-style-fill\"><a class=\"wp-block-button__link wp-element-button\" style=\"border-top-left-radius:0px;border-top-right-radius:0px;border-bottom-left-radius:0px;border-bottom-right-radius:0px\">HARRACHOVSK\u00c9 RYBN\u00cd\u010cKY<\/a><\/div>\n\n\n\n<div class=\"wp-block-button is-style-fill\"><a class=\"wp-block-button__link wp-element-button\" style=\"border-top-left-radius:0px;border-top-right-radius:0px;border-bottom-left-radius:0px;border-bottom-right-radius:0px\">VYHL\u00cdDKOV\u00dd VL\u00c1\u010cEK<\/a><\/div>\n<\/div>\n<\/div>\n","protected":false},"excerpt":{"rendered":"<p>Mumlavsk\u00e9 vodop\u00e1dy Mumlavsk\u00fd vodop\u00e1d pat\u0159\u00ed mezi nejmohutn\u011bj\u0161\u00ed a nejkr\u00e1sn\u011bj\u0161\u00ed vodop\u00e1dy v \u010cesk\u00e9 republice. Je celoro\u010dn\u011b p\u0159\u00edstupn\u00fd a kr\u00e1sn\u011b ho m\u016f\u017eete vid\u011bt t\u0159eba z d\u0159ev\u011bn\u00e9 l\u00e1vky, kde se \u017elut\u00e1 turistick\u00e1 trasa k\u0159\u00ed\u017e\u00ed s modrou. Skokansk\u00e9 m\u016fstky V Harrachov\u011b se nach\u00e1z\u00ed celkem 9 skokansk\u00fdch m\u016fstk\u016f, \u010d\u00edm\u017e se nem\u016f\u017ee pochlubit \u017e\u00e1dn\u00e9 jin\u00e9 ly\u017ea\u0159sk\u00e9 st\u0159edisko. Nejmen\u0161\u00ed m\u016fstky, K8, K10, [&hellip;]<\/p>\n","protected":false},"author":1,"featured_media":0,"parent":0,"menu_order":0,"comment_status":"closed","ping_status":"closed","template":"","meta":{"footnotes":""},"class_list":["post-649","page","type-page","status-publish","hentry"],"_links":{"self":[{"href":"https:\/\/apartmanyrieger.cz\/cs\/wp-json\/wp\/v2\/pages\/649","targetHints":{"allow":["GET"]}}],"collection":[{"href":"https:\/\/apartmanyrieger.cz\/cs\/wp-json\/wp\/v2\/pages"}],"about":[{"href":"https:\/\/apartmanyrieger.cz\/cs\/wp-json\/wp\/v2\/types\/page"}],"author":[{"embeddable":true,"href":"https:\/\/apartmanyrieger.cz\/cs\/wp-json\/wp\/v2\/users\/1"}],"replies":[{"embeddable":true,"href":"https:\/\/apartmanyrieger.cz\/cs\/wp-json\/wp\/v2\/comments?post=649"}],"version-history":[{"count":149,"href":"https:\/\/apartmanyrieger.cz\/cs\/wp-json\/wp\/v2\/pages\/649\/revisions"}],"predecessor-version":[{"id":1065,"href":"https:\/\/apartmanyrieger.cz\/cs\/wp-json\/wp\/v2\/pages\/649\/revisions\/1065"}],"wp:attachment":[{"href":"https:\/\/apartmanyrieger.cz\/cs\/wp-json\/wp\/v2\/media?parent=649"}],"curies":[{"name":"wp","href":"https:\/\/api.w.org\/{rel}","templated":true}]}}